{"id":1949,"date":"2024-06-26T13:11:35","date_gmt":"2024-06-26T10:11:35","guid":{"rendered":"https:\/\/inelli.ee\/toode\/kompressiosukat-joissa-on-compritex-silikonikaare-suljettu-karki\/"},"modified":"2024-08-15T12:36:51","modified_gmt":"2024-08-15T09:36:51","slug":"kompressiosukat-joissa-on-compritex-silikonikaare-suljettu-karki","status":"publish","type":"product","link":"https:\/\/inelli.ee\/fi\/toode\/kompressiosukat-joissa-on-compritex-silikonikaare-suljettu-karki\/","title":{"rendered":"Kompressiosukat, joissa on CompriTex-silikonik\u00e4\u00e4re (suljettu k\u00e4rki)."},"content":{"rendered":"<p class=\"swift-in-viewport\">Puristustuotteiden paine ilmoitetaan millimetrein\u00e4 elohopeaa kuutiometri\u00e4 kohti (mmHg). (DEN ilmaisee ainoastaan mokkaniitin kimmoisuuden, ei paksuutta tai painetta). Siksi vain tuote, joka on merkitty mmHg:n paineella tai CCL-luokalla, takaa hyv\u00e4n verenkierron ja asianmukaisen tuen suonille. CompriTex-puristusvaljaita on saatavana kahdessa luokassa ja eri koossa:<\/p>\n<ul class=\"swift-in-viewport\">\n<li><strong>Luokka 1 (CCL1), l\u00e4\u00e4kinn\u00e4llinen kompressio 18-21 mmHg <\/strong>Luokka 1 soveltuu jalkojen rasituksen ja liev\u00e4n turvotuksen v\u00e4hent\u00e4miseen. Sopii hyvin pitk\u00e4kestoiseen seisomiseen tai istumiseen sek\u00e4 turvonneisiin ja kipeisiin jalkoihin (my\u00f6s raskauden aikana). Lievien suonikohjujen ehk\u00e4isyyn.  <\/li>\n<\/ul>\n<ul class=\"swift-in-viewport\">\n<li><strong>Luokka 2 (CCL2), l\u00e4\u00e4kinn\u00e4llinen kompressio 23-32 mmHg <\/strong>Luokka 2 soveltuu vaikeampaan turvotukseen ja laskimoiden vajaatoimintaan. V\u00e4hent\u00e4\u00e4 suonikohjujen ja turvotuksen kehittymist\u00e4 ja ehk\u00e4isee tromboosiriski\u00e4. <\/li>\n<\/ul>\n<p class=\"swift-in-viewport\">Suurimman mahdollisen vaikutuksen saavuttamiseksi valitse mahdollisimman tarkka koko, jotta paine ja tuki tuntuvat.<\/p>\n<p> CompriTex-kompressiosukkia k\u00e4ytet\u00e4\u00e4n aivan kuten tavallisia sukkia. <\/p>\n<ul>\n<li>K\u00e4\u00e4nn\u00e4 sukat nurinp\u00e4in nilkkaan asti ja venyt\u00e4 sukkaa nilkan yli k\u00e4sill\u00e4si, jotta jalka on helpompi laittaa sis\u00e4\u00e4n. Ved\u00e4 sitten varovasti yl\u00f6sp\u00e4in ty\u00f6nt\u00e4m\u00e4tt\u00e4 sormia sukan sis\u00e4\u00e4n. <\/li>\n<li>\u00c4l\u00e4 ved\u00e4 tai nyk\u00e4ise sukkaa liian kovaa, sill\u00e4 se voi aiheuttaa materiaalin ep\u00e4tasaista peittymist\u00e4.<\/li>\n<\/ul>\n<p> CompriTex-tukisukat eiv\u00e4t menet\u00e4 tehokkaita ominaisuuksiaan edes pesun j\u00e4lkeen. <\/p>\n<ul>\n<li>P\u00e4ivitt\u00e4isess\u00e4 k\u00e4yt\u00f6ss\u00e4 pese v\u00e4hint\u00e4\u00e4n 2 p\u00e4iv\u00e4n v\u00e4lein tai tarpeen mukaan ja kuivaa tasaisesti.<\/li>\n<li>K\u00e4sinpesu tai hell\u00e4varainen konepesu 30\u00b0- 40\u00b0, k\u00e4yt\u00e4 hell\u00e4varaista pesupussia.<\/li>\n<li>\u00c4l\u00e4 k\u00e4yt\u00e4 huuhteluainetta, \u00e4l\u00e4 linkoa kuivaksi, \u00e4l\u00e4 silit\u00e4 tai v\u00e4\u00e4nn\u00e4.<\/li>\n<li>\u00c4l\u00e4 kuivaa kuumalla patterilla tai suorassa auringonvalossa.<\/li>\n<\/ul>\n","protected":false},"excerpt":{"rendered":"<p class=\"swift-in-viewport\">Kompressiosukkia voi k\u00e4ytt\u00e4\u00e4 my\u00f6s istuessa tai seistess\u00e4 verenkierron parantamiseksi. Niit\u00e4 k\u00e4ytet\u00e4\u00e4n my\u00f6s kuntoutuksessa ja jalkojen turvotuksen ennaltaehk\u00e4isev\u00e4n\u00e4 hoitona. Materiaali on pehme\u00e4\u00e4, miellytt\u00e4v\u00e4\u00e4 ja hengitt\u00e4v\u00e4\u00e4, ja sukan yl\u00e4osassa on silikonireuna, joka takaa paremman istuvuuden.  <\/p>\n<p class=\"swift-in-viewport\">CompriTex-kompressiotuotteissa on porrastettu paineenjako, joka tukee laskimo- ja imunestekiertoa ja edist\u00e4\u00e4 ylim\u00e4\u00e4r\u00e4isen nesteen poistumista ihonalaiskudoksesta ja soluv\u00e4litilasta, mik\u00e4 ehk\u00e4isee jalkojen turvotusta.<\/p>\n<p> Tuote on <strong>beige<\/strong> !<\/p>\n","protected":false},"featured_media":1922,"template":"","meta":{"_acf_changed":false,"inline_featured_image":false},"product_brand":[],"product_cat":[136],"product_tag":[],"class_list":{"0":"post-1949","1":"product","2":"type-product","3":"status-publish","4":"has-post-thumbnail","6":"product_cat-kompressiotuotteet","8":"first","9":"onbackorder","10":"taxable","11":"shipping-taxable","12":"purchasable","13":"product-type-variable"},"acf":[],"yoast_head":"<!-- This site is optimized with the Yoast SEO Premium plugin v25.6 (Yoast SEO v27.4) - https:\/\/yoast.com\/product\/yoast-seo-premium-wordpress\/ -->\n<title>Kompressiosukat, joissa on CompriTex-silikonik\u00e4\u00e4re (suljettu k\u00e4rki). | Inelli<\/title>\n<meta name=\"robots\" content=\"index, follow, max-snippet:-1, max-image-preview:large, max-video-preview:-1\" \/>\n<link rel=\"canonical\" href=\"https:\/\/inelli.ee\/fi\/toode\/kompressiosukat-joissa-on-compritex-silikonikaare-suljettu-karki\/\" \/>\n<meta property=\"og:locale\" content=\"fi_FI\" \/>\n<meta property=\"og:type\" content=\"article\" \/>\n<meta property=\"og:title\" content=\"Kompressiosukat, joissa on CompriTex-silikonik\u00e4\u00e4re (suljettu k\u00e4rki). | Inelli\" \/>\n<meta property=\"og:description\" content=\"Kompressiosukkia voi k\u00e4ytt\u00e4\u00e4 my\u00f6s istuessa tai seistess\u00e4 verenkierron parantamiseksi. Niit\u00e4 k\u00e4ytet\u00e4\u00e4n my\u00f6s kuntoutuksessa ja jalkojen turvotuksen ennaltaehk\u00e4isev\u00e4n\u00e4 hoitona. Materiaali on pehme\u00e4\u00e4, miellytt\u00e4v\u00e4\u00e4 ja hengitt\u00e4v\u00e4\u00e4, ja sukan yl\u00e4osassa on silikonireuna, joka takaa paremman istuvuuden.  CompriTex-kompressiotuotteissa on porrastettu paineenjako, joka tukee laskimo- ja imunestekiertoa ja edist\u00e4\u00e4 ylim\u00e4\u00e4r\u00e4isen nesteen poistumista ihonalaiskudoksesta ja soluv\u00e4litilasta, mik\u00e4 ehk\u00e4isee jalkojen turvotusta. Tuote on beige !\" \/>\n<meta property=\"og:url\" content=\"https:\/\/inelli.ee\/fi\/toode\/kompressiosukat-joissa-on-compritex-silikonikaare-suljettu-karki\/\" \/>\n<meta property=\"og:site_name\" content=\"Inelli\" \/>\n<meta property=\"article:publisher\" content=\"https:\/\/www.facebook.com\/profile.php?id=61562379249253\" \/>\n<meta property=\"article:modified_time\" content=\"2024-08-15T09:36:51+00:00\" \/>\n<meta property=\"og:image\" content=\"https:\/\/inelli.ee\/wp-content\/uploads\/2024\/06\/Compritex-1-3.webp\" \/>\n\t<meta property=\"og:image:width\" content=\"425\" \/>\n\t<meta property=\"og:image:height\" content=\"626\" \/>\n\t<meta property=\"og:image:type\" content=\"image\/webp\" \/>\n<meta name=\"twitter:card\" content=\"summary_large_image\" \/>\n<script type=\"application\/ld+json\" class=\"yoast-schema-graph\">{\"@context\":\"https:\\\/\\\/schema.org\",\"@graph\":[{\"@type\":\"WebPage\",\"@id\":\"https:\\\/\\\/inelli.ee\\\/fi\\\/toode\\\/kompressiosukat-joissa-on-compritex-silikonikaare-suljettu-karki\\\/\",\"url\":\"https:\\\/\\\/inelli.ee\\\/fi\\\/toode\\\/kompressiosukat-joissa-on-compritex-silikonikaare-suljettu-karki\\\/\",\"name\":\"Kompressiosukat, joissa on CompriTex-silikonik\u00e4\u00e4re (suljettu k\u00e4rki). | Inelli\",\"isPartOf\":{\"@id\":\"https:\\\/\\\/inelli.ee\\\/fi\\\/#website\"},\"primaryImageOfPage\":{\"@id\":\"https:\\\/\\\/inelli.ee\\\/fi\\\/toode\\\/kompressiosukat-joissa-on-compritex-silikonikaare-suljettu-karki\\\/#primaryimage\"},\"image\":{\"@id\":\"https:\\\/\\\/inelli.ee\\\/fi\\\/toode\\\/kompressiosukat-joissa-on-compritex-silikonikaare-suljettu-karki\\\/#primaryimage\"},\"thumbnailUrl\":\"https:\\\/\\\/inelli.ee\\\/wp-content\\\/uploads\\\/2024\\\/06\\\/Compritex-1-3.webp\",\"datePublished\":\"2024-06-26T10:11:35+00:00\",\"dateModified\":\"2024-08-15T09:36:51+00:00\",\"breadcrumb\":{\"@id\":\"https:\\\/\\\/inelli.ee\\\/fi\\\/toode\\\/kompressiosukat-joissa-on-compritex-silikonikaare-suljettu-karki\\\/#breadcrumb\"},\"inLanguage\":\"fi\",\"potentialAction\":[{\"@type\":\"ReadAction\",\"target\":[\"https:\\\/\\\/inelli.ee\\\/fi\\\/toode\\\/kompressiosukat-joissa-on-compritex-silikonikaare-suljettu-karki\\\/\"]}]},{\"@type\":\"ImageObject\",\"inLanguage\":\"fi\",\"@id\":\"https:\\\/\\\/inelli.ee\\\/fi\\\/toode\\\/kompressiosukat-joissa-on-compritex-silikonikaare-suljettu-karki\\\/#primaryimage\",\"url\":\"https:\\\/\\\/inelli.ee\\\/wp-content\\\/uploads\\\/2024\\\/06\\\/Compritex-1-3.webp\",\"contentUrl\":\"https:\\\/\\\/inelli.ee\\\/wp-content\\\/uploads\\\/2024\\\/06\\\/Compritex-1-3.webp\",\"width\":425,\"height\":626,\"caption\":\"Trombiennetuse sukad silikoon\u00e4\u00e4rega CompriTex\"},{\"@type\":\"BreadcrumbList\",\"@id\":\"https:\\\/\\\/inelli.ee\\\/fi\\\/toode\\\/kompressiosukat-joissa-on-compritex-silikonikaare-suljettu-karki\\\/#breadcrumb\",\"itemListElement\":[{\"@type\":\"ListItem\",\"position\":1,\"name\":\"Home\",\"item\":\"https:\\\/\\\/inelli.ee\\\/fi\\\/\"},{\"@type\":\"ListItem\",\"position\":2,\"name\":\"Osta osoitteessa\",\"item\":\"https:\\\/\\\/inelli.ee\\\/pood\\\/\"},{\"@type\":\"ListItem\",\"position\":3,\"name\":\"Kompressiotuotteet\",\"item\":\"https:\\\/\\\/inelli.ee\\\/fi\\\/tuotekategoria\\\/kompressiotuotteet\\\/\"},{\"@type\":\"ListItem\",\"position\":4,\"name\":\"Kompressiosukat, joissa on CompriTex-silikonik\u00e4\u00e4re (suljettu k\u00e4rki).\"}]},{\"@type\":\"WebSite\",\"@id\":\"https:\\\/\\\/inelli.ee\\\/fi\\\/#website\",\"url\":\"https:\\\/\\\/inelli.ee\\\/fi\\\/\",\"name\":\"Inelli\",\"description\":\"Madratsikaitsed, aluslinad, padjakaitsed\",\"publisher\":{\"@id\":\"https:\\\/\\\/inelli.ee\\\/fi\\\/#organization\"},\"potentialAction\":[{\"@type\":\"SearchAction\",\"target\":{\"@type\":\"EntryPoint\",\"urlTemplate\":\"https:\\\/\\\/inelli.ee\\\/fi\\\/?s={search_term_string}\"},\"query-input\":{\"@type\":\"PropertyValueSpecification\",\"valueRequired\":true,\"valueName\":\"search_term_string\"}}],\"inLanguage\":\"fi\"},{\"@type\":[\"Organization\",\"Place\"],\"@id\":\"https:\\\/\\\/inelli.ee\\\/fi\\\/#organization\",\"name\":\"Inelli Holding O\u00dc\",\"alternateName\":\"Inelli\",\"url\":\"https:\\\/\\\/inelli.ee\\\/fi\\\/\",\"logo\":{\"@id\":\"https:\\\/\\\/inelli.ee\\\/fi\\\/toode\\\/kompressiosukat-joissa-on-compritex-silikonikaare-suljettu-karki\\\/#local-main-organization-logo\"},\"image\":{\"@id\":\"https:\\\/\\\/inelli.ee\\\/fi\\\/toode\\\/kompressiosukat-joissa-on-compritex-silikonikaare-suljettu-karki\\\/#local-main-organization-logo\"},\"sameAs\":[\"https:\\\/\\\/www.facebook.com\\\/profile.php?id=61562379249253\"],\"description\":\"Meie p\u00f5hifookuses on parima hinna-kvaliteedi suhtega veekindlad madratsikaitsed ja aluslinad, voodipesu, lisaks LIBILINAD ja RAHUTU PATSIENDI KOST\u00dc\u00dcMID\",\"legalName\":\"Inelli Holding O\u00dc\",\"numberOfEmployees\":{\"@type\":\"QuantitativeValue\",\"minValue\":\"1\",\"maxValue\":\"10\"},\"address\":{\"@id\":\"https:\\\/\\\/inelli.ee\\\/fi\\\/toode\\\/kompressiosukat-joissa-on-compritex-silikonikaare-suljettu-karki\\\/#local-main-place-address\"},\"geo\":{\"@type\":\"GeoCoordinates\",\"latitude\":\"59.4209596615229\",\"longitude\":\"24.81181683991278\"},\"telephone\":[\"+37253844660\"],\"openingHoursSpecification\":[{\"@type\":\"OpeningHoursSpecification\",\"dayOfWeek\":[\"Monday\",\"Tuesday\",\"Wednesday\",\"Thursday\",\"Friday\"],\"opens\":\"10:00\",\"closes\":\"15:00\"},{\"@type\":\"OpeningHoursSpecification\",\"dayOfWeek\":[\"Saturday\",\"Sunday\"],\"opens\":\"00:00\",\"closes\":\"00:00\"}],\"email\":\"info@inelli.ee\"},{\"@type\":\"PostalAddress\",\"@id\":\"https:\\\/\\\/inelli.ee\\\/fi\\\/toode\\\/kompressiosukat-joissa-on-compritex-silikonikaare-suljettu-karki\\\/#local-main-place-address\",\"streetAddress\":\"Suur-S\u00f5jam\u00e4e 14\",\"addressLocality\":\"Tallinn\",\"postalCode\":\"11415\",\"addressRegion\":\"Harju\",\"addressCountry\":\"EE\"},{\"@type\":\"ImageObject\",\"inLanguage\":\"fi\",\"@id\":\"https:\\\/\\\/inelli.ee\\\/fi\\\/toode\\\/kompressiosukat-joissa-on-compritex-silikonikaare-suljettu-karki\\\/#local-main-organization-logo\",\"url\":\"https:\\\/\\\/inelli.ee\\\/wp-content\\\/uploads\\\/2024\\\/10\\\/Inelli-logo-600x600-1.jpg\",\"contentUrl\":\"https:\\\/\\\/inelli.ee\\\/wp-content\\\/uploads\\\/2024\\\/10\\\/Inelli-logo-600x600-1.jpg\",\"width\":600,\"height\":600,\"caption\":\"Inelli Holding O\u00dc\"}]}<\/script>\n<meta name=\"geo.placename\" content=\"Tallinn\" \/>\n<meta name=\"geo.position\" content=\"59.4209596615229;24.81181683991278\" \/>\n<meta name=\"geo.region\" content=\"Viro\" \/>\n<!-- \/ Yoast SEO Premium plugin. -->","yoast_head_json":{"title":"Kompressiosukat, joissa on CompriTex-silikonik\u00e4\u00e4re (suljettu k\u00e4rki). | Inelli","robots":{"index":"index","follow":"follow","max-snippet":"max-snippet:-1","max-image-preview":"max-image-preview:large","max-video-preview":"max-video-preview:-1"},"canonical":"https:\/\/inelli.ee\/fi\/toode\/kompressiosukat-joissa-on-compritex-silikonikaare-suljettu-karki\/","og_locale":"fi_FI","og_type":"article","og_title":"Kompressiosukat, joissa on CompriTex-silikonik\u00e4\u00e4re (suljettu k\u00e4rki). | Inelli","og_description":"Kompressiosukkia voi k\u00e4ytt\u00e4\u00e4 my\u00f6s istuessa tai seistess\u00e4 verenkierron parantamiseksi. Niit\u00e4 k\u00e4ytet\u00e4\u00e4n my\u00f6s kuntoutuksessa ja jalkojen turvotuksen ennaltaehk\u00e4isev\u00e4n\u00e4 hoitona. Materiaali on pehme\u00e4\u00e4, miellytt\u00e4v\u00e4\u00e4 ja hengitt\u00e4v\u00e4\u00e4, ja sukan yl\u00e4osassa on silikonireuna, joka takaa paremman istuvuuden.  CompriTex-kompressiotuotteissa on porrastettu paineenjako, joka tukee laskimo- ja imunestekiertoa ja edist\u00e4\u00e4 ylim\u00e4\u00e4r\u00e4isen nesteen poistumista ihonalaiskudoksesta ja soluv\u00e4litilasta, mik\u00e4 ehk\u00e4isee jalkojen turvotusta. Tuote on beige !","og_url":"https:\/\/inelli.ee\/fi\/toode\/kompressiosukat-joissa-on-compritex-silikonikaare-suljettu-karki\/","og_site_name":"Inelli","article_publisher":"https:\/\/www.facebook.com\/profile.php?id=61562379249253","article_modified_time":"2024-08-15T09:36:51+00:00","og_image":[{"width":425,"height":626,"url":"https:\/\/inelli.ee\/wp-content\/uploads\/2024\/06\/Compritex-1-3.webp","type":"image\/webp"}],"twitter_card":"summary_large_image","schema":{"@context":"https:\/\/schema.org","@graph":[{"@type":"WebPage","@id":"https:\/\/inelli.ee\/fi\/toode\/kompressiosukat-joissa-on-compritex-silikonikaare-suljettu-karki\/","url":"https:\/\/inelli.ee\/fi\/toode\/kompressiosukat-joissa-on-compritex-silikonikaare-suljettu-karki\/","name":"Kompressiosukat, joissa on CompriTex-silikonik\u00e4\u00e4re (suljettu k\u00e4rki). | Inelli","isPartOf":{"@id":"https:\/\/inelli.ee\/fi\/#website"},"primaryImageOfPage":{"@id":"https:\/\/inelli.ee\/fi\/toode\/kompressiosukat-joissa-on-compritex-silikonikaare-suljettu-karki\/#primaryimage"},"image":{"@id":"https:\/\/inelli.ee\/fi\/toode\/kompressiosukat-joissa-on-compritex-silikonikaare-suljettu-karki\/#primaryimage"},"thumbnailUrl":"https:\/\/inelli.ee\/wp-content\/uploads\/2024\/06\/Compritex-1-3.webp","datePublished":"2024-06-26T10:11:35+00:00","dateModified":"2024-08-15T09:36:51+00:00","breadcrumb":{"@id":"https:\/\/inelli.ee\/fi\/toode\/kompressiosukat-joissa-on-compritex-silikonikaare-suljettu-karki\/#breadcrumb"},"inLanguage":"fi","potentialAction":[{"@type":"ReadAction","target":["https:\/\/inelli.ee\/fi\/toode\/kompressiosukat-joissa-on-compritex-silikonikaare-suljettu-karki\/"]}]},{"@type":"ImageObject","inLanguage":"fi","@id":"https:\/\/inelli.ee\/fi\/toode\/kompressiosukat-joissa-on-compritex-silikonikaare-suljettu-karki\/#primaryimage","url":"https:\/\/inelli.ee\/wp-content\/uploads\/2024\/06\/Compritex-1-3.webp","contentUrl":"https:\/\/inelli.ee\/wp-content\/uploads\/2024\/06\/Compritex-1-3.webp","width":425,"height":626,"caption":"Trombiennetuse sukad silikoon\u00e4\u00e4rega CompriTex"},{"@type":"BreadcrumbList","@id":"https:\/\/inelli.ee\/fi\/toode\/kompressiosukat-joissa-on-compritex-silikonikaare-suljettu-karki\/#breadcrumb","itemListElement":[{"@type":"ListItem","position":1,"name":"Home","item":"https:\/\/inelli.ee\/fi\/"},{"@type":"ListItem","position":2,"name":"Osta osoitteessa","item":"https:\/\/inelli.ee\/pood\/"},{"@type":"ListItem","position":3,"name":"Kompressiotuotteet","item":"https:\/\/inelli.ee\/fi\/tuotekategoria\/kompressiotuotteet\/"},{"@type":"ListItem","position":4,"name":"Kompressiosukat, joissa on CompriTex-silikonik\u00e4\u00e4re (suljettu k\u00e4rki)."}]},{"@type":"WebSite","@id":"https:\/\/inelli.ee\/fi\/#website","url":"https:\/\/inelli.ee\/fi\/","name":"Inelli","description":"Madratsikaitsed, aluslinad, padjakaitsed","publisher":{"@id":"https:\/\/inelli.ee\/fi\/#organization"},"potentialAction":[{"@type":"SearchAction","target":{"@type":"EntryPoint","urlTemplate":"https:\/\/inelli.ee\/fi\/?s={search_term_string}"},"query-input":{"@type":"PropertyValueSpecification","valueRequired":true,"valueName":"search_term_string"}}],"inLanguage":"fi"},{"@type":["Organization","Place"],"@id":"https:\/\/inelli.ee\/fi\/#organization","name":"Inelli Holding O\u00dc","alternateName":"Inelli","url":"https:\/\/inelli.ee\/fi\/","logo":{"@id":"https:\/\/inelli.ee\/fi\/toode\/kompressiosukat-joissa-on-compritex-silikonikaare-suljettu-karki\/#local-main-organization-logo"},"image":{"@id":"https:\/\/inelli.ee\/fi\/toode\/kompressiosukat-joissa-on-compritex-silikonikaare-suljettu-karki\/#local-main-organization-logo"},"sameAs":["https:\/\/www.facebook.com\/profile.php?id=61562379249253"],"description":"Meie p\u00f5hifookuses on parima hinna-kvaliteedi suhtega veekindlad madratsikaitsed ja aluslinad, voodipesu, lisaks LIBILINAD ja RAHUTU PATSIENDI KOST\u00dc\u00dcMID","legalName":"Inelli Holding O\u00dc","numberOfEmployees":{"@type":"QuantitativeValue","minValue":"1","maxValue":"10"},"address":{"@id":"https:\/\/inelli.ee\/fi\/toode\/kompressiosukat-joissa-on-compritex-silikonikaare-suljettu-karki\/#local-main-place-address"},"geo":{"@type":"GeoCoordinates","latitude":"59.4209596615229","longitude":"24.81181683991278"},"telephone":["+37253844660"],"openingHoursSpecification":[{"@type":"OpeningHoursSpecification","dayOfWeek":["Monday","Tuesday","Wednesday","Thursday","Friday"],"opens":"10:00","closes":"15:00"},{"@type":"OpeningHoursSpecification","dayOfWeek":["Saturday","Sunday"],"opens":"00:00","closes":"00:00"}],"email":"info@inelli.ee"},{"@type":"PostalAddress","@id":"https:\/\/inelli.ee\/fi\/toode\/kompressiosukat-joissa-on-compritex-silikonikaare-suljettu-karki\/#local-main-place-address","streetAddress":"Suur-S\u00f5jam\u00e4e 14","addressLocality":"Tallinn","postalCode":"11415","addressRegion":"Harju","addressCountry":"EE"},{"@type":"ImageObject","inLanguage":"fi","@id":"https:\/\/inelli.ee\/fi\/toode\/kompressiosukat-joissa-on-compritex-silikonikaare-suljettu-karki\/#local-main-organization-logo","url":"https:\/\/inelli.ee\/wp-content\/uploads\/2024\/10\/Inelli-logo-600x600-1.jpg","contentUrl":"https:\/\/inelli.ee\/wp-content\/uploads\/2024\/10\/Inelli-logo-600x600-1.jpg","width":600,"height":600,"caption":"Inelli Holding O\u00dc"}]},"geo.placename":"Tallinn","geo.position":{"lat":"59.4209596615229","long":"24.81181683991278"},"geo.region":"Viro"},"_links":{"self":[{"href":"https:\/\/inelli.ee\/fi\/wp-json\/wp\/v2\/product\/1949","targetHints":{"allow":["GET"]}}],"collection":[{"href":"https:\/\/inelli.ee\/fi\/wp-json\/wp\/v2\/product"}],"about":[{"href":"https:\/\/inelli.ee\/fi\/wp-json\/wp\/v2\/types\/product"}],"wp:featuredmedia":[{"embeddable":true,"href":"https:\/\/inelli.ee\/fi\/wp-json\/wp\/v2\/media\/1922"}],"wp:attachment":[{"href":"https:\/\/inelli.ee\/fi\/wp-json\/wp\/v2\/media?parent=1949"}],"wp:term":[{"taxonomy":"product_brand","embeddable":true,"href":"https:\/\/inelli.ee\/fi\/wp-json\/wp\/v2\/product_brand?post=1949"},{"taxonomy":"product_cat","embeddable":true,"href":"https:\/\/inelli.ee\/fi\/wp-json\/wp\/v2\/product_cat?post=1949"},{"taxonomy":"product_tag","embeddable":true,"href":"https:\/\/inelli.ee\/fi\/wp-json\/wp\/v2\/product_tag?post=1949"}],"curies":[{"name":"wp","href":"https:\/\/api.w.org\/{rel}","templated":true}]}}